{"id":394,"date":"2014-04-28T15:38:16","date_gmt":"2014-04-28T14:38:16","guid":{"rendered":"http:\/\/www.einjahrzitate.de\/?page_id=394"},"modified":"2015-06-09T16:34:08","modified_gmt":"2015-06-09T15:34:08","slug":"jean-paul-sartre","status":"publish","type":"page","link":"https:\/\/www.einjahrzitate.de\/?page_id=394","title":{"rendered":"Jean-Paul Sartre"},"content":{"rendered":"<h3><span style=\"color: #3366ff;\">Jean-Paul Sartre<\/span> wurde am 21. Juni 1905 in Paris geboren. Nach dem Abitur besuchte er die \u00c9cole Normale Sup\u00e9rieure, die er mit der Agr\u00e9gation, der franz\u00f6sischen Zulassungspr\u00fcfung, um als Gymnasiallehrer zu arbeiten, abschloss. Er unterrichtete Philosophie an den Gymnasien in Le Havre, Laon und Paris. 1938 wurde sein philosophischer Roman <i>Der Ekel<\/i> ver\u00f6ffentlicht. Zur gleichen Zeit erschienen sein Erz\u00e4hlband <i>Die Mauer<\/i> und der erste Band <i>Zeit der Reife<\/i> seiner Romantrilogie <em>Wege der Freiheit<\/em>. Zu Beginn des Zweiten Weltkriegs wurde er mobilisiert, geriet in deutsche Kriegsgefangenschaft, aus der er wegen seines Augenleidens schon 1941 entlassen wurde. Zur\u00fcck in Frankreich schloss Sartre sich der Widerstandsgruppe <i>Socialisme et Libert\u00e9<\/i> an. 1943 erschien sein philosophisches Werk <i>Das Sein und das Nichts<\/i>, in dem er den Existentialismus begr\u00fcndet. Nach dem Krieg wurden seine St\u00fccke <i>Die Fliegen<\/i>, <i>Tote ohne Begr\u00e4bnis<\/i> sowie <i>Die ehrbare Dirne<\/i> mit Erfolg aufgef\u00fchrt. Zu der Zeit schrieb Jean-Paul Sartre auch f\u00fcr die von ihm gegr\u00fcndete Zeitschrift <i>Les Temps Modernes<\/i>. Nach der Niederschlagung des Ungarischen Volksaufstands im Jahr 1956 teilte Sartre dem Kommunismus endg\u00fcltig eine Absage. 1960 erschienen sein philosophisches Werk <i>Kritik der dialektischen Vernunft<\/i> sowie sein Theaterst\u00fcck <i>Die Eingeschlossenen von Altona<\/i>. 1964 lehnte Sartre die Annahme des Nobelpreises f\u00fcr Literatur ab und im selben Jahr wurde sein autobiografischer Roman <i>Die W\u00f6rter<\/i> ver\u00f6ffentlicht. Jean-Paul Sartre starb am 15. April 1980 in Paris. Sein Grab befindet sich auf dem Pariser Friedhof Montparnasse.<\/h3>\n<div class='watch-action'><div class='watch-position align-right'><div class='action-like'><a class='lbg-style1 like-394 jlk' href='javascript:void(0)' data-task='like' data-post_id='394' data-nonce='166a765446' rel='nofollow'><img class='wti-pixel' src='https:\/\/www.einjahrzitate.de\/wp-content\/plugins\/wti-like-post\/images\/pixel.gif' title='Interessant' \/><span class='lc-394 lc'>0<\/span><\/a><\/div><\/div> <div class='status-394 status align-right'><\/div><\/div><div class='wti-clear'><\/div>","protected":false},"excerpt":{"rendered":"<p>Jean-Paul Sartre wurde am 21. Juni 1905 in Paris geboren. Nach dem Abitur besuchte er die \u00c9cole Normale Sup\u00e9rieure, die er mit der Agr\u00e9gation, der franz\u00f6sischen Zulassungspr\u00fcfung, um als Gymnasiallehrer zu arbeiten, abschloss. Er unterrichtete Philosophie an den Gymnasien in Le Havre, Laon und Paris. 1938 wurde sein philosophischer Roman Der Ekel ver\u00f6ffentlicht. Zur gleichen [&hellip;]<\/p>\n","protected":false},"author":1,"featured_media":0,"parent":0,"menu_order":0,"comment_status":"closed","ping_status":"closed","template":"","meta":{"_monsterinsights_skip_tracking":false,"_monsterinsights_sitenote_active":false,"_monsterinsights_sitenote_note":"","_monsterinsights_sitenote_category":0,"footnotes":""},"class_list":["post-394","page","type-page","status-publish","hentry"],"_links":{"self":[{"href":"https:\/\/www.einjahrzitate.de\/index.php?rest_route=\/wp\/v2\/pages\/394","targetHints":{"allow":["GET"]}}],"collection":[{"href":"https:\/\/www.einjahrzitate.de\/index.php?rest_route=\/wp\/v2\/pages"}],"about":[{"href":"https:\/\/www.einjahrzitate.de\/index.php?rest_route=\/wp\/v2\/types\/page"}],"author":[{"embeddable":true,"href":"https:\/\/www.einjahrzitate.de\/index.php?rest_route=\/wp\/v2\/users\/1"}],"replies":[{"embeddable":true,"href":"https:\/\/www.einjahrzitate.de\/index.php?rest_route=%2Fwp%2Fv2%2Fcomments&post=394"}],"version-history":[{"count":0,"href":"https:\/\/www.einjahrzitate.de\/index.php?rest_route=\/wp\/v2\/pages\/394\/revisions"}],"wp:attachment":[{"href":"https:\/\/www.einjahrzitate.de\/index.php?rest_route=%2Fwp%2Fv2%2Fmedia&parent=394"}],"curies":[{"name":"wp","href":"https:\/\/api.w.org\/{rel}","templated":true}]}}